

{"id":2276,"date":"2020-11-06T08:05:18","date_gmt":"2020-11-06T11:05:18","guid":{"rendered":"http:\/\/mediemos.ch\/?page_id=2276"},"modified":"2020-11-14T09:06:09","modified_gmt":"2020-11-14T12:06:09","slug":"family-mediation","status":"publish","type":"page","link":"https:\/\/mediemos.ch\/en\/family-mediation\/","title":{"rendered":"Family mediation"},"content":{"rendered":"<div data-vc-full-width=\"true\" data-vc-full-width-init=\"false\" data-vc-stretch-content=\"true\" class=\"vc_row wpb_row vc_row-fluid vc_custom_1600256801394 vc_row-has-fill vc_row-no-padding\"><div class=\"wpb_column vc_column_container vc_col-sm-12 vc_col-has-fill\"><div class=\"vc_column-inner vc_custom_1599770893386\"><div class=\"wpb_wrapper\"><h1 style=\"font-size: 56px;color: #05466a;line-height: 1.4;text-align: center\" class=\"vc_custom_heading vc_custom_1604660772258\" ><strong>Family mediation<\/strong><\/h1>\n\t<div class=\"wpb_text_column wpb_content_element color-scheme-dark\" >\n\t\t<div class=\"wpb_wrapper\">\n\t\t\t<p style=\"text-align: center;\"><em>Mediation prevents the escalation of conflict and protects family ties between parents and children.<\/em><\/p>\n\n\t\t<\/div>\n\t<\/div>\n<\/div><\/div><\/div><\/div><div class=\"vc_row-full-width vc_clearfix\"><\/div><div class=\"vc_row wpb_row vc_row-fluid\"><div class=\"wpb_column vc_column_container vc_col-sm-6\"><div class=\"vc_column-inner\"><div class=\"wpb_wrapper\">\n\t<div class=\"wpb_text_column wpb_content_element vc_custom_1604660716960\" >\n\t\t<div class=\"wpb_wrapper\">\n\t\t\t<p>Separation is a transformative event in family relations that affects parents and children.<\/p>\n<p>Family relationships are based on exchange between generations and a separation can be a relational trauma, putting at risk all existing family ties spanning several generations.<\/p>\n<p>Family mediation plays a central role in limiting destructive situations that can impact on all family members, promoting a different culture from that of judicial conflict resolution.<\/p>\n<p>In a protected and confidential environment, mediation enables the parties to express their needs and interests with the aim of developing a respectful dialogue.<\/p>\n<p>Mediation appears as an intervention that has the objective of reopening or facilitating dialogue between parents, so that they can draw up separation agreements satisfactory to all concerned, with the well-being of the children and young people affected as a priority.<\/p>\n<p>It is aimed at couples with children, whether married or unmarried, who have decided to separate, or are already separated or divorced, with the aim of promoting and sustaining the role of parents, encouraging the birth of a positive dialogue and the search for satisfactory and lasting agreements.<\/p>\n\n\t\t<\/div>\n\t<\/div>\n<\/div><\/div><\/div><div class=\"wpb_column vc_column_container vc_col-sm-6\"><div class=\"vc_column-inner vc_custom_1600256735527\"><div class=\"wpb_wrapper\">\n\t<div  class=\"wpb_single_image wpb_content_element vc_align_center\">\n\t\t\n\t\t<figure class=\"wpb_wrapper vc_figure\">\n\t\t\t<div class=\"vc_single_image-wrapper   vc_box_border_grey\"><img width=\"955\" height=\"635\" src=\"https:\/\/mediemos.ch\/wp-content\/uploads\/2020\/09\/14-1024x1024-1.jpg\" class=\"vc_single_image-img attachment-large\" alt=\"\" decoding=\"async\" loading=\"lazy\" srcset=\"https:\/\/mediemos.ch\/wp-content\/uploads\/2020\/09\/14-1024x1024-1.jpg 955w, https:\/\/mediemos.ch\/wp-content\/uploads\/2020\/09\/14-1024x1024-1-300x199.jpg 300w, https:\/\/mediemos.ch\/wp-content\/uploads\/2020\/09\/14-1024x1024-1-768x511.jpg 768w\" sizes=\"(max-width: 955px) 100vw, 955px\" \/><\/div>\n\t\t<\/figure>\n\t<\/div>\n<\/div><\/div><\/div><\/div><div data-vc-full-width=\"true\" data-vc-full-width-init=\"false\" class=\"vc_row wpb_row vc_row-fluid vc_custom_1600696339421 vc_row-has-fill\"><div class=\"wpb_column vc_column_container vc_col-sm-12 color-scheme-light\"><div class=\"vc_column-inner\"><div class=\"wpb_wrapper\">\n\t<div class=\"wpb_text_column wpb_content_element\" >\n\t\t<div class=\"wpb_wrapper\">\n\t\t\t<div data-vc-full-width=\"true\" data-vc-full-width-init=\"false\" class=\"vc_row wpb_row vc_row-fluid tipomediacionbanner vc_custom_1600703776247 vc_row-has-fill\"><div class=\"wpb_column vc_column_container vc_col-sm-12 color-scheme-light\"><div class=\"vc_column-inner\"><div class=\"wpb_wrapper\"><h1 style=\"font-size: 52px;color: #ffffff;line-height: 1.4;text-align: center\" class=\"vc_custom_heading vc_custom_1604965230689\" ><strong>Types of Mediation<\/strong><\/h1><\/div><\/div><\/div><\/div><div class=\"vc_row-full-width vc_clearfix\"><\/div><div class=\"vc_row wpb_row vc_row-fluid color-scheme-dark modulostiposmediacion vc_custom_1601744676803\"><div class=\"wpb_column vc_column_container vc_col-sm-12\"><div class=\"vc_column-inner\"><div class=\"wpb_wrapper\"><div class=\"vc_row wpb_row vc_inner vc_row-fluid vc_custom_1600186656448\"><div class=\"wpb_column vc_column_container vc_col-sm-4\"><div class=\"vc_column-inner vc_custom_1438783488485\"><div class=\"wpb_wrapper\">\n\t\t\t<div class=\"promo-banner text-center vertical-alignment-bottom banner-1 hover-3 color-scheme-dark\"  >\n\n\t\t\t\t<div class=\"main-wrapp-img\">\n\t\t\t\t\t<div class=\"banner-image\">\n\t\t\t\t\t\t\t\t\t\t\t\t\t\t\t\t\t\t\t\t\t<img class=\"promo-banner-image image-1\" src=\"https:\/\/mediemos.ch\/wp-content\/uploads\/2020\/09\/6-3-250x250.png\" width=\"250\" height=\"250\" alt=\"6\" title=\"6\" \/>\t\t\t\t\t\t\t\t\t\t\t\t\t\t\t\t\t\t<\/div>\n\t\t\t\t<\/div>\n\n\t\t\t\t<div class=\"wrapper-content-baner\">\n\t\t\t\t\t<div class=\"banner-inner\">\n\t\t\t\t\t\t<p><strong><a href=\"http:\/\/mediemos.ch\/en\/family-mediation\/\">Read more<\/a><\/strong><\/p>\n\t\t\t\t\t<\/div>\n\t\t\t\t<\/div>\n\n\t\t\t<\/div>\n\n\n\t\t\n\t<div class=\"wpb_text_column wpb_content_element\" >\n\t\t<div class=\"wpb_wrapper\">\n\t\t\t<h6 style=\"text-align: center; font-size: 24px;\"><a href=\"http:\/\/mediemos.ch\/en\/family-mediation\/\"><strong><em>Family mediation<\/em><\/strong><\/a><\/h6>\n<p style=\"text-align: center;\">Separation is a transformative event in family relations that affects parents and children.<\/p>\n\n\t\t<\/div>\n\t<\/div>\n<\/div><\/div><\/div><div class=\"wpb_column vc_column_container vc_col-sm-4\"><div class=\"vc_column-inner vc_custom_1438783492253\"><div class=\"wpb_wrapper\">\n\t\t\t<div class=\"promo-banner text-center vertical-alignment-bottom banner-1 hover-3 color-scheme-dark\"  >\n\n\t\t\t\t<div class=\"main-wrapp-img\">\n\t\t\t\t\t<div class=\"banner-image\">\n\t\t\t\t\t\t\t\t\t\t\t\t\t\t\t\t\t\t\t\t\t<img class=\"promo-banner-image image-1\" src=\"https:\/\/mediemos.ch\/wp-content\/uploads\/2020\/09\/7-3-250x250.png\" width=\"250\" height=\"250\" alt=\"7\" title=\"7\" \/>\t\t\t\t\t\t\t\t\t\t\t\t\t\t\t\t\t\t<\/div>\n\t\t\t\t<\/div>\n\n\t\t\t\t<div class=\"wrapper-content-baner\">\n\t\t\t\t\t<div class=\"banner-inner\">\n\t\t\t\t\t\t<p><strong><a href=\"http:\/\/mediemos.ch\/en\/mediation-for-couples\/\">Read more<\/a><\/strong><\/p>\n\t\t\t\t\t<\/div>\n\t\t\t\t<\/div>\n\n\t\t\t<\/div>\n\n\n\t\t\n\t<div class=\"wpb_text_column wpb_content_element\" >\n\t\t<div class=\"wpb_wrapper\">\n\t\t\t<h6 style=\"text-align: center; font-size: 24px;\"><a href=\"http:\/\/mediemos.ch\/en\/mediation-for-couples\/\"><em><strong>Mediation for couples<\/strong><\/em><\/a><\/h6>\n<p style=\"text-align: center;\">Many times, separations or divorces are a traumatic event involving emotional and legal aspects, leading to conflict situations and the possibility of loss of dialogue.<\/p>\n\n\t\t<\/div>\n\t<\/div>\n<\/div><\/div><\/div><div class=\"wpb_column vc_column_container vc_col-sm-4\"><div class=\"vc_column-inner vc_custom_1438783497148\"><div class=\"wpb_wrapper\">\n\t\t\t<div class=\"promo-banner text-center vertical-alignment-bottom banner-1 hover-3 color-scheme-dark\"  >\n\n\t\t\t\t<div class=\"main-wrapp-img\">\n\t\t\t\t\t<div class=\"banner-image\">\n\t\t\t\t\t\t\t\t\t\t\t\t\t\t\t\t\t\t\t\t\t<img class=\"promo-banner-image image-1\" src=\"https:\/\/mediemos.ch\/wp-content\/uploads\/2020\/09\/9-3-250x250.png\" width=\"250\" height=\"250\" alt=\"9\" title=\"9\" \/>\t\t\t\t\t\t\t\t\t\t\t\t\t\t\t\t\t\t<\/div>\n\t\t\t\t<\/div>\n\n\t\t\t\t<div class=\"wrapper-content-baner\">\n\t\t\t\t\t<div class=\"banner-inner\">\n\t\t\t\t\t\t<p><strong><a href=\"http:\/\/mediemos.ch\/en\/intergenerational-mediation\/\">Read more<\/a><\/strong><\/p>\n\t\t\t\t\t<\/div>\n\t\t\t\t<\/div>\n\n\t\t\t<\/div>\n\n\n\t\t\n\t<div class=\"wpb_text_column wpb_content_element\" >\n\t\t<div class=\"wpb_wrapper\">\n\t\t\t<h6 style=\"text-align: center; font-size: 24px;\"><a href=\"http:\/\/mediemos.ch\/en\/intergenerational-mediation\/\"><strong><em>Intergenerational Mediation<\/em><\/strong><\/a><\/h6>\n<p style=\"text-align: center;\">Also called \"intergenerational\" or \"transgenerational\", it refers to a useful tool for the resolution of conflicts between family members of different generations...<\/p>\n\n\t\t<\/div>\n\t<\/div>\n<\/div><\/div><\/div><\/div><\/div><\/div><\/div><\/div><div class=\"vc_row wpb_row vc_row-fluid color-scheme-dark modulostiposmediacion vc_custom_1601744681310\"><div class=\"wpb_column vc_column_container vc_col-sm-12\"><div class=\"vc_column-inner\"><div class=\"wpb_wrapper\"><div class=\"vc_row wpb_row vc_inner vc_row-fluid vc_custom_1600186656448\"><div class=\"wpb_column vc_column_container vc_col-sm-4\"><div class=\"vc_column-inner vc_custom_1438783501508\"><div class=\"wpb_wrapper\">\n\t\t\t<div class=\"promo-banner text-center vertical-alignment-bottom banner-1 hover-3 color-scheme-dark\"  >\n\n\t\t\t\t<div class=\"main-wrapp-img\">\n\t\t\t\t\t<div class=\"banner-image\">\n\t\t\t\t\t\t\t\t\t\t\t\t\t\t\t\t\t\t\t\t\t<img class=\"promo-banner-image image-1\" src=\"https:\/\/mediemos.ch\/wp-content\/uploads\/2020\/09\/8-2-250x250.png\" width=\"250\" height=\"250\" alt=\"8\" title=\"8\" \/>\t\t\t\t\t\t\t\t\t\t\t\t\t\t\t\t\t\t<\/div>\n\t\t\t\t<\/div>\n\n\t\t\t\t<div class=\"wrapper-content-baner\">\n\t\t\t\t\t<div class=\"banner-inner\">\n\t\t\t\t\t\t<p><strong><a href=\"http:\/\/mediemos.ch\/en\/mediation-in-cases-of-inheritance\/\">Read more<\/a><\/strong><\/p>\n\t\t\t\t\t<\/div>\n\t\t\t\t<\/div>\n\n\t\t\t<\/div>\n\n\n\t\t\n\t<div class=\"wpb_text_column wpb_content_element\" >\n\t\t<div class=\"wpb_wrapper\">\n\t\t\t<h6 style=\"text-align: center; font-size: 24px;\"><a href=\"http:\/\/mediemos.ch\/en\/mediation-in-cases-of-inheritance\/\"><strong><em>Mediation in cases of inheritance<\/em><\/strong><\/a><\/h6>\n<p style=\"text-align: center;\">Hereditary disputes are often extremely emotional, creating long and costly conflicts. The relationship between siblings or parents and children risks...<\/p>\n\n\t\t<\/div>\n\t<\/div>\n<\/div><\/div><\/div><div class=\"wpb_column vc_column_container vc_col-sm-4\"><div class=\"vc_column-inner\"><div class=\"wpb_wrapper\">\n\t\t\t<div class=\"promo-banner text-center vertical-alignment-bottom banner-1 hover-3 color-scheme-dark\"  >\n\n\t\t\t\t<div class=\"main-wrapp-img\">\n\t\t\t\t\t<div class=\"banner-image\">\n\t\t\t\t\t\t\t\t\t\t\t\t\t\t\t\t\t\t\t\t\t<img class=\"promo-banner-image image-1\" src=\"https:\/\/mediemos.ch\/wp-content\/uploads\/2020\/09\/10-2-250x250.png\" width=\"250\" height=\"250\" alt=\"10\" title=\"10\" \/>\t\t\t\t\t\t\t\t\t\t\t\t\t\t\t\t\t\t<\/div>\n\t\t\t\t<\/div>\n\n\t\t\t\t<div class=\"wrapper-content-baner\">\n\t\t\t\t\t<div class=\"banner-inner\">\n\t\t\t\t\t\t<p><strong><a href=\"http:\/\/mediemos.ch\/en\/neighbourhood-mediation\/\">Read more<\/a><\/strong><\/p>\n\t\t\t\t\t<\/div>\n\t\t\t\t<\/div>\n\n\t\t\t<\/div>\n\n\n\t\t\n\t<div class=\"wpb_text_column wpb_content_element\" >\n\t\t<div class=\"wpb_wrapper\">\n\t\t\t<h6 style=\"text-align: center; font-size: 24px;\"><a href=\"http:\/\/mediemos.ch\/en\/neighbourhood-mediation\/\"><strong><em>Neighbourhood Mediation<\/em><\/strong><\/a><\/h6>\n<p style=\"text-align: center;\">Infinidad de divergencias de opini\u00f3n entre vecinos pueden influir sobre la calidad de vida de los mismos.<\/p>\n\n\t\t<\/div>\n\t<\/div>\n<\/div><\/div><\/div><div class=\"wpb_column vc_column_container vc_col-sm-4\"><div class=\"vc_column-inner\"><div class=\"wpb_wrapper\">\n\t\t\t<div class=\"promo-banner text-center vertical-alignment-bottom banner-1 hover-3 color-scheme-dark\"  >\n\n\t\t\t\t<div class=\"main-wrapp-img\">\n\t\t\t\t\t<div class=\"banner-image\">\n\t\t\t\t\t\t\t\t\t\t\t\t\t\t\t\t\t\t\t\t\t<img class=\"promo-banner-image image-1\" src=\"https:\/\/mediemos.ch\/wp-content\/uploads\/2020\/09\/salidas-integracion-social-1-250x250.png\" width=\"250\" height=\"250\" alt=\"salidas-integracion-social\" title=\"salidas-integracion-social\" \/>\t\t\t\t\t\t\t\t\t\t\t\t\t\t\t\t\t\t<\/div>\n\t\t\t\t<\/div>\n\n\t\t\t\t<div class=\"wrapper-content-baner\">\n\t\t\t\t\t<div class=\"banner-inner\">\n\t\t\t\t\t\t<p><strong><a href=\"http:\/\/mediemos.ch\/en\/neighbourhood-mediation\/\">Read more<\/a><\/strong><\/p>\n\t\t\t\t\t<\/div>\n\t\t\t\t<\/div>\n\n\t\t\t<\/div>\n\n\n\t\t\n\t<div class=\"wpb_text_column wpb_content_element\" >\n\t\t<div class=\"wpb_wrapper\">\n\t\t\t<h6 style=\"text-align: center; font-size: 24px;\"><a href=\"http:\/\/mediemos.ch\/en\/neighbourhood-mediation\/\"><strong><em>Mediaci\u00f3n<\/em><br \/>\n<em>Intercultural<\/em><\/strong><\/a><\/h6>\n<p style=\"text-align: center;\">La mediaci\u00f3n intercultural es un instrumento que pretende contribuir a una mejor comunicaci\u00f3n, relaci\u00f3n e integraci\u00f3n entre personas o grupos presentes en un territorio...<\/p>\n\n\t\t<\/div>\n\t<\/div>\n<\/div><\/div><\/div><\/div><\/div><\/div><\/div><\/div><style data-type=\"vc_shortcodes-custom-css\">.vc_custom_1600703776247{margin-bottom: 0px !important;padding-top: 50px !important;padding-bottom: 70px !important;background-image: url(http:\/\/dummy.xtemos.com\/basel\/vers\/wp-content\/uploads\/sites\/3\/2017\/01\/main-bg.jpg?id=40) !important;background-position: center !important;background-repeat: no-repeat !important;background-size: cover !important;}.vc_custom_1601744676803{margin-bottom: 25px !important;}.vc_custom_1601744681310{margin-bottom: 25px !important;}.vc_custom_1604965230689{margin-bottom: 30px !important;}.vc_custom_1600186656448{margin-bottom: -40px !important;}.vc_custom_1438783488485{margin-bottom: 40px !important;}.vc_custom_1438783492253{margin-bottom: 40px !important;}.vc_custom_1438783497148{margin-bottom: 40px !important;}.vc_custom_1600186656448{margin-bottom: -40px !important;}.vc_custom_1438783501508{margin-bottom: 40px !important;}<\/style>\n\n\t\t<\/div>\n\t<\/div>\n<\/div><\/div><\/div><\/div><div class=\"vc_row-full-width vc_clearfix\"><\/div>","protected":false},"excerpt":{"rendered":"Family mediation Mediation prevents the escalation of conflict and protects family ties between parents and children. Separation is a transformative","protected":false},"author":1,"featured_media":0,"parent":0,"menu_order":0,"comment_status":"closed","ping_status":"closed","template":"","meta":[],"yoast_head":"<!-- This site is optimized with the Yoast SEO plugin v17.2.1 - https:\/\/yoast.com\/wordpress\/plugins\/seo\/ -->\n<title>Family mediation - Mediemos<\/title>\n<meta name=\"robots\" content=\"index, follow, max-snippet:-1, max-image-preview:large, max-video-preview:-1\" \/>\n<link rel=\"canonical\" href=\"https:\/\/mediemos.ch\/en\/family-mediation\/\" \/>\n<meta property=\"og:locale\" content=\"en_US\" \/>\n<meta property=\"og:type\" content=\"article\" \/>\n<meta property=\"og:title\" content=\"Family mediation - Mediemos\" \/>\n<meta property=\"og:url\" content=\"https:\/\/mediemos.ch\/en\/family-mediation\/\" \/>\n<meta property=\"og:site_name\" content=\"Mediemos\" \/>\n<meta property=\"article:modified_time\" content=\"2020-11-14T12:06:09+00:00\" \/>\n<meta name=\"twitter:card\" content=\"summary_large_image\" \/>\n<meta name=\"twitter:label1\" content=\"Est. reading time\" \/>\n\t<meta name=\"twitter:data1\" content=\"2 minutes\" \/>\n<script type=\"application\/ld+json\" class=\"yoast-schema-graph\">{\"@context\":\"https:\/\/schema.org\",\"@graph\":[{\"@type\":\"WebSite\",\"@id\":\"https:\/\/mediemos.ch\/en\/#website\",\"url\":\"https:\/\/mediemos.ch\/en\/\",\"name\":\"Mediemos\",\"description\":\"Servicio de Mediaci\\u00f3n\",\"potentialAction\":[{\"@type\":\"SearchAction\",\"target\":{\"@type\":\"EntryPoint\",\"urlTemplate\":\"https:\/\/mediemos.ch\/en\/?s={search_term_string}\"},\"query-input\":\"required name=search_term_string\"}],\"inLanguage\":\"en-US\"},{\"@type\":\"WebPage\",\"@id\":\"https:\/\/mediemos.ch\/en\/family-mediation\/#webpage\",\"url\":\"https:\/\/mediemos.ch\/en\/family-mediation\/\",\"name\":\"Family mediation - Mediemos\",\"isPartOf\":{\"@id\":\"https:\/\/mediemos.ch\/en\/#website\"},\"datePublished\":\"2020-11-06T11:05:18+00:00\",\"dateModified\":\"2020-11-14T12:06:09+00:00\",\"breadcrumb\":{\"@id\":\"https:\/\/mediemos.ch\/en\/family-mediation\/#breadcrumb\"},\"inLanguage\":\"en-US\",\"potentialAction\":[{\"@type\":\"ReadAction\",\"target\":[\"https:\/\/mediemos.ch\/en\/family-mediation\/\"]}]},{\"@type\":\"BreadcrumbList\",\"@id\":\"https:\/\/mediemos.ch\/en\/family-mediation\/#breadcrumb\",\"itemListElement\":[{\"@type\":\"ListItem\",\"position\":1,\"name\":\"Inicio\",\"item\":\"https:\/\/mediemos.ch\/en\/home\/\"},{\"@type\":\"ListItem\",\"position\":2,\"name\":\"Family mediation\"}]}]}<\/script>\n<!-- \/ Yoast SEO plugin. -->","yoast_head_json":{"title":"Family mediation - Mediemos","robots":{"index":"index","follow":"follow","max-snippet":"max-snippet:-1","max-image-preview":"max-image-preview:large","max-video-preview":"max-video-preview:-1"},"canonical":"https:\/\/mediemos.ch\/en\/family-mediation\/","og_locale":"en_US","og_type":"article","og_title":"Family mediation - Mediemos","og_url":"https:\/\/mediemos.ch\/en\/family-mediation\/","og_site_name":"Mediemos","article_modified_time":"2020-11-14T12:06:09+00:00","twitter_card":"summary_large_image","twitter_misc":{"Est. reading time":"2 minutes"},"schema":{"@context":"https:\/\/schema.org","@graph":[{"@type":"WebSite","@id":"https:\/\/mediemos.ch\/en\/#website","url":"https:\/\/mediemos.ch\/en\/","name":"Mediemos","description":"Servicio de Mediaci\u00f3n","potentialAction":[{"@type":"SearchAction","target":{"@type":"EntryPoint","urlTemplate":"https:\/\/mediemos.ch\/en\/?s={search_term_string}"},"query-input":"required name=search_term_string"}],"inLanguage":"en-US"},{"@type":"WebPage","@id":"https:\/\/mediemos.ch\/en\/family-mediation\/#webpage","url":"https:\/\/mediemos.ch\/en\/family-mediation\/","name":"Family mediation - Mediemos","isPartOf":{"@id":"https:\/\/mediemos.ch\/en\/#website"},"datePublished":"2020-11-06T11:05:18+00:00","dateModified":"2020-11-14T12:06:09+00:00","breadcrumb":{"@id":"https:\/\/mediemos.ch\/en\/family-mediation\/#breadcrumb"},"inLanguage":"en-US","potentialAction":[{"@type":"ReadAction","target":["https:\/\/mediemos.ch\/en\/family-mediation\/"]}]},{"@type":"BreadcrumbList","@id":"https:\/\/mediemos.ch\/en\/family-mediation\/#breadcrumb","itemListElement":[{"@type":"ListItem","position":1,"name":"Inicio","item":"https:\/\/mediemos.ch\/en\/home\/"},{"@type":"ListItem","position":2,"name":"Family mediation"}]}]}},"_links":{"self":[{"href":"https:\/\/mediemos.ch\/en\/wp-json\/wp\/v2\/pages\/2276"}],"collection":[{"href":"https:\/\/mediemos.ch\/en\/wp-json\/wp\/v2\/pages"}],"about":[{"href":"https:\/\/mediemos.ch\/en\/wp-json\/wp\/v2\/types\/page"}],"author":[{"embeddable":true,"href":"https:\/\/mediemos.ch\/en\/wp-json\/wp\/v2\/users\/1"}],"replies":[{"embeddable":true,"href":"https:\/\/mediemos.ch\/en\/wp-json\/wp\/v2\/comments?post=2276"}],"version-history":[{"count":4,"href":"https:\/\/mediemos.ch\/en\/wp-json\/wp\/v2\/pages\/2276\/revisions"}],"predecessor-version":[{"id":2511,"href":"https:\/\/mediemos.ch\/en\/wp-json\/wp\/v2\/pages\/2276\/revisions\/2511"}],"wp:attachment":[{"href":"https:\/\/mediemos.ch\/en\/wp-json\/wp\/v2\/media?parent=2276"}],"curies":[{"name":"wp","href":"https:\/\/api.w.org\/{rel}","templated":true}]}}